{"id":58,"date":"2015-04-06T15:18:29","date_gmt":"2015-04-06T13:18:29","guid":{"rendered":"http:\/\/192.168.2.52\/?page_id=58"},"modified":"2026-02-08T21:37:55","modified_gmt":"2026-02-08T20:37:55","slug":"impressum","status":"publish","type":"page","link":"https:\/\/cardio-diabetes.de\/?page_id=58","title":{"rendered":"Impressum"},"content":{"rendered":"<p>\u00dcBAG Koblenz-Vallendar GbR<br \/>\nRudolf-Virchow-Str. 9<br \/>\n56073 Koblenz<\/p>\n<h2>Vertreten durch:<\/h2>\n<p>die Gesellschafter<\/p>\n<p>N. Eisner<br \/>\nDr. U. Hambach<br \/>\nDr. C. Schwarzw\u00e4lder<br \/>\nDr. M. Marcu<br \/>\nDr. R. Schr\u00f6der<\/p>\n<h2>Kontakt:<\/h2>\n<p>Telefon: 0261 33168<br \/>\nTelefax: 0261 38190<br \/>\nE-Mail: info-ko@cardio-diabetes.de<\/p>\n<p>Verantwortlich f\u00fcr den Inhalt:\u00a0 \u00dcBAG Koblenz-Vallendar, Dr. Hambach, Rudolf-Virchow-Str. 9, 56073 Koblenz<\/p>\n<h2>Berufsbezeichnung und berufsrechtliche Regelungen<\/h2>\n<p>Berufsbezeichnung: \u00c4rzte<br \/>\nZust\u00e4ndige Kammer: Landes\u00e4rztekammer<br \/>\nRheinland Pfalz, Deutschhausplatz 3, 55116 Mainz<br \/>\nVerliehen durch: Deutschland<br \/>\nEs gelten folgende berufsrechtliche Regelungen: Berufsordnung der Landes\u00e4rztekammer von Rheinland Pfalz, Heilberufegesetz des Landes Rheinland Pfalz,<br \/>\nRegelungen einsehbar unter: <a href=\"http:\/\/www.laek-rlp.de\/recht\/gesetzeverordnungen\">http:\/\/www.laek-rlp.de\/recht\/gesetzeverordnungen<\/a><\/p>\n<h2>Streitschlichtung<\/h2>\n<p>Wir sind nicht bereit oder verpflichtet, an Streitbeilegungsverfahren vor einer Verbraucherschlichtungsstelle teilzunehmen.<\/p>\n<h3>Haftung f\u00fcr Inhalte<\/h3>\n<p>Wir sind als Diensteanbieter jedoch nicht verpflichtet, \u00fcbermittelte oder gespeicherte fremde Informationen zu \u00fcberwachen oder nach Umst\u00e4nden zu forschen, die auf eine rechtswidrige T\u00e4tigkeit hinweisen.<\/p>\n<p>Verpflichtungen zur Entfernung oder Sperrung der Nutzung von Informationen nach den allgemeinen Gesetzen bleiben hiervon unber\u00fchrt. Eine diesbez\u00fcgliche Haftung ist jedoch erst ab dem Zeitpunkt der Kenntnis einer konkreten Rechtsverletzung m\u00f6glich. Bei Bekanntwerden von entsprechenden Rechtsverletzungen werden wir diese Inhalte umgehend entfernen.<\/p>\n<h3>Haftung f\u00fcr Links<\/h3>\n<p>Unser Angebot enth\u00e4lt Links zu externen Websites Dritter, auf deren Inhalte wir keinen Einfluss haben. Deshalb k\u00f6nnen wir f\u00fcr diese fremden Inhalte auch keine Gew\u00e4hr \u00fcbernehmen. F\u00fcr<br \/>\ndie Inhalte der verlinkten Seiten ist stets der jeweilige Anbieter oder Betreiber der Seiten verantwortlich.<br \/>\nDie verlinkten Seiten wurden zum Zeitpunkt der Verlinkung auf m\u00f6gliche Rechtsverst\u00f6\u00dfe \u00fcberpr\u00fcft. Rechtswidrige Inhalte waren zum Zeitpunkt der Verlinkung nicht erkennbar.<\/p>\n<p>Eine permanente inhaltliche Kontrolle der verlinkten Seiten ist jedoch ohne konkrete Anhaltspunkte einer Rechtsverletzung nicht zumutbar. Bei Bekanntwerden von Rechtsverletzungen werden wir derartige Links umgehend entfernen.<\/p>\n<h3>Urheberrecht<\/h3>\n<p>Die durch die Seitenbetreiber erstellten Inhalte und Werke auf diesen Seiten unterliegen dem deutschen Urheberrecht. Die Vervielf\u00e4ltigung, Bearbeitung, Verbreitung und jede Art der Verwertung au\u00dferhalb der Grenzen des Urheberrechtes<br \/>\nbed\u00fcrfen der schriftlichen Zustimmung des jeweiligen Autors bzw. Erstellers. Downloads und Kopien dieser Seite sind nur f\u00fcr den privaten, nicht kommerziellen Gebrauch gestattet.<\/p>\n<p>Soweit die Inhalte auf dieser Seite nicht vom Betreiber erstellt wurden, werden die Urheberrechte Dritter beachtet.<br \/>\nInsbesondere werden Inhalte Dritter als solche gekennzeichnet. Sollten Sie trotzdem auf eine Urheberrechtsverletzung aufmerksam werden, bitten wir um einen entsprechenden Hinweis. Bei<br \/>\nBekanntwerden von Rechtsverletzungen werden wir derartige Inhalte umgehend entfernen.<\/p>\n","protected":false},"excerpt":{"rendered":"<p>\u00dcBAG Koblenz-Vallendar GbR Rudolf-Virchow-Str. 9 56073 Koblenz Vertreten durch: die Gesellschafter N. Eisner Dr. U. Hambach Dr. C. Schwarzw\u00e4lder Dr.<\/p>\n<p><a href=\"https:\/\/cardio-diabetes.de\/?page_id=58\" class=\"more-link\">Continue reading<span class=\"screen-reader-text\">Impressum<\/span><\/a><\/p>\n","protected":false},"author":1,"featured_media":0,"parent":0,"menu_order":9,"comment_status":"closed","ping_status":"closed","template":"","meta":{"footnotes":""},"class_list":["post-58","page","type-page","status-publish","hentry"],"_links":{"self":[{"href":"https:\/\/cardio-diabetes.de\/index.php?rest_route=\/wp\/v2\/pages\/58","targetHints":{"allow":["GET"]}}],"collection":[{"href":"https:\/\/cardio-diabetes.de\/index.php?rest_route=\/wp\/v2\/pages"}],"about":[{"href":"https:\/\/cardio-diabetes.de\/index.php?rest_route=\/wp\/v2\/types\/page"}],"author":[{"embeddable":true,"href":"https:\/\/cardio-diabetes.de\/index.php?rest_route=\/wp\/v2\/users\/1"}],"replies":[{"embeddable":true,"href":"https:\/\/cardio-diabetes.de\/index.php?rest_route=%2Fwp%2Fv2%2Fcomments&post=58"}],"version-history":[{"count":6,"href":"https:\/\/cardio-diabetes.de\/index.php?rest_route=\/wp\/v2\/pages\/58\/revisions"}],"predecessor-version":[{"id":515,"href":"https:\/\/cardio-diabetes.de\/index.php?rest_route=\/wp\/v2\/pages\/58\/revisions\/515"}],"wp:attachment":[{"href":"https:\/\/cardio-diabetes.de\/index.php?rest_route=%2Fwp%2Fv2%2Fmedia&parent=58"}],"curies":[{"name":"wp","href":"https:\/\/api.w.org\/{rel}","templated":true}]}}